{"id":1287,"date":"2015-10-05T07:05:03","date_gmt":"2015-10-05T05:05:03","guid":{"rendered":"http:\/\/www.rubau.com\/compromis\/prevencion-de-riesgos-laborales\/"},"modified":"2025-10-06T11:49:51","modified_gmt":"2025-10-06T09:49:51","slug":"prevencio-de-riscos-laborals","status":"publish","type":"page","link":"https:\/\/www.rubau.com\/ca\/compromis\/prevencio-de-riscos-laborals\/","title":{"rendered":"Prevenci\u00f3 de Riscos Laborals"},"content":{"rendered":"<h3>Rubau ha destacat hist\u00f2ricament tant pel comprom\u00eds com pels aven\u00e7os en el camp de la prevenci\u00f3 de riscos laborals.<\/h3>\n<p>En aquest sentit, Rubau va ser una de les primeres empreses d\u2019Espanya que va apostar per la gesti\u00f3 de la prevenci\u00f3 i ja des de l\u2019any 1996 disposa d\u2019un sistema de gesti\u00f3 de prevenci\u00f3 de riscos laborals perfectament integrat en la gesti\u00f3 general de l\u2019empresa, actualment certificat d\u2019acord amb la norma ISO 45001.<\/p>\n<article class=\"text-token-text-primary w-full focus:outline-none scroll-mt-[calc(var(--header-height)+min(200px,max(70px,20svh)))]\" dir=\"auto\" tabindex=\"-1\" data-turn-id=\"request-WEB:3d810dcf-0880-44f6-8144-37098535d602-2\" data-testid=\"conversation-turn-6\" data-scroll-anchor=\"true\" data-turn=\"assistant\">\n<div class=\"text-base my-auto mx-auto pb-10 [--thread-content-margin:--spacing(4)] thread-sm:[--thread-content-margin:--spacing(6)] thread-lg:[--thread-content-margin:--spacing(16)] px-(--thread-content-margin)\">\n<div class=\"[--thread-content-max-width:40rem] thread-lg:[--thread-content-max-width:48rem] mx-auto max-w-(--thread-content-max-width) flex-1 group\/turn-messages focus-visible:outline-hidden relative flex w-full min-w-0 flex-col agent-turn\" tabindex=\"-1\">\n<div class=\"flex max-w-full flex-col grow\">\n<div class=\"min-h-8 text-message relative flex w-full flex-col items-end gap-2 text-start break-words whitespace-normal [.text-message+&amp;]:mt-5\" dir=\"auto\" data-message-author-role=\"assistant\" data-message-id=\"34ec756a-4c9a-45c3-b0e7-8d312425aed9\" data-message-model-slug=\"gpt-5\">\n<div class=\"flex w-full flex-col gap-1 empty:hidden first:pt-[1px]\">\n<div class=\"markdown prose dark:prose-invert w-full break-words light markdown-new-styling\">\n<p data-start=\"0\" data-end=\"412\" data-is-last-node=\"\" data-is-only-node=\"\">Tanmateix, la contribuci\u00f3 m\u00e9s important de l\u2019empresa en aquest \u00e0mbit es realitza a trav\u00e9s de la campanya <strong data-start=\"105\" data-end=\"125\">Constru\u00efm segurs<\/strong>. Aquesta ambiciosa iniciativa, nascuda l\u2019any 2000, consta de vuit eixos principals destinats a aportar tant eines t\u00e8cniques com pedag\u00f2giques per combatre els accidents laborals.<br data-start=\"303\" data-end=\"306\" \/>Accedeix a l\u2019<a href=\"https:\/\/prevcons.asepeyo.es\/index.php?idioma=ca\" target=\"_blank\" rel=\"noopener\"><strong data-start=\"319\" data-end=\"345\">aplicatiu de prevenci\u00f3<\/strong><\/a> per gestionar la seguretat a l\u2019obra de manera senzilla i eficient:<\/p>\n<p data-start=\"0\" data-end=\"412\" data-is-last-node=\"\" data-is-only-node=\"\"><a href=\"https:\/\/prevcons.asepeyo.es\/index.php?idioma=ca\"><img loading=\"lazy\" decoding=\"async\" class=\"aligncenter wp-image-5899 size-large\" src=\"https:\/\/www.rubau.com\/wp-content\/uploads\/2025\/10\/prevcons-cat-1024x458.png\" alt=\"\" width=\"1024\" height=\"458\" srcset=\"https:\/\/www.rubau.com\/wp-content\/uploads\/2025\/10\/prevcons-cat-1024x458.png 1024w, https:\/\/www.rubau.com\/wp-content\/uploads\/2025\/10\/prevcons-cat-300x134.png 300w, https:\/\/www.rubau.com\/wp-content\/uploads\/2025\/10\/prevcons-cat-768x344.png 768w, https:\/\/www.rubau.com\/wp-content\/uploads\/2025\/10\/prevcons-cat-1536x688.png 1536w, https:\/\/www.rubau.com\/wp-content\/uploads\/2025\/10\/prevcons-cat.png 1756w\" sizes=\"auto, (max-width: 1024px) 100vw, 1024px\" \/><\/a><\/p>\n<\/div>\n<\/div>\n<\/div>\n<\/div>\n<div class=\"z-0 flex min-h-[46px] justify-start\"><\/div>\n<div class=\"mt-3 w-full empty:hidden\">\n<div class=\"text-center\"><\/div>\n<\/div>\n<\/div>\n<\/div>\n<\/article>\n<div class=\"pointer-events-none h-px w-px\" aria-hidden=\"true\" data-edge=\"true\"><\/div>\n<p>L\u2019enorme comprom\u00eds de la companyia en aquest \u00e0mbit ha estat recompensat per la societat amb nombrosos reconeixements, tant auton\u00f2mics com estatals, l\u2019\u00faltim dels quals ha estat el Premi DIPLOOS, Trofeu Nacional de la Seguretat en el Treball.<\/p>\n<p>&nbsp;<\/p>\n<p><a href=\"https:\/\/www.rubau.com\/wp-content\/uploads\/2024\/09\/CertificadoSST-0222-2008_ES_2024-08-06_page-0001.jpg\" target=\"_blank\" rel=\"noopener\" data-rel=\"lightbox-image-0\" data-rl_title=\"\" data-rl_caption=\"\" title=\"\"><img loading=\"lazy\" decoding=\"async\" class=\"aligncenter wp-image-5063 size-medium\" src=\"https:\/\/www.rubau.com\/wp-content\/uploads\/2024\/09\/CertificadoSST-0222-2008_ES_2024-08-06_page-0001-212x300.jpg\" alt=\"\" width=\"212\" height=\"300\" \/><\/a><a href=\"https:\/\/www.rubau.com\/wp-content\/uploads\/2024\/09\/IQNetES-SST-0222-2008_2024-08-06_page-0001.jpg\" target=\"_blank\" rel=\"noopener\" data-rel=\"lightbox-image-1\" data-rl_title=\"\" data-rl_caption=\"\" title=\"\"><img loading=\"lazy\" decoding=\"async\" class=\"aligncenter wp-image-5060 size-medium\" src=\"https:\/\/www.rubau.com\/wp-content\/uploads\/2024\/09\/IQNetES-SST-0222-2008_2024-08-06_page-0001-212x300.jpg\" alt=\"\" width=\"212\" height=\"300\" \/><\/a><\/p>\n<p>&nbsp;<\/p>\n<p><strong>POL\u00cdTICA DE PREVENCI\u00d3 DE RISCOS LABORALS<\/strong><\/p>\n<ul>\n<li style=\"text-align: left;\">Assolir un nivell de Seguretat i Salut \u00f2ptim als centres de treball nacionals i internacionals, complint la legislaci\u00f3 vigent i altres requisits subscrits en aquest camp, assumint l\u2019execuci\u00f3 i el comprom\u00eds de prevenci\u00f3 de les lesions i el deteriorament de la salut, aix\u00ed com la eliminaci\u00f3 de perills i la reducci\u00f3 dels riscos, en el marc de la millora cont\u00ednua en l\u2019acci\u00f3 preventiva.<\/li>\n<li style=\"text-align: left;\">Fomentar la consulta, formaci\u00f3, informaci\u00f3 i participaci\u00f3 de tots els treballadors en mat\u00e8ria de Prevenci\u00f3 de Riscos Laborals, inclosos els subcontractistes.<\/li>\n<li style=\"text-align: left;\">Assolir un grau de satisfacci\u00f3 dels treballadors elevat pel que fa refer\u00e8ncia a les condicions de treball.<\/li>\n<li style=\"text-align: left;\">Assolir un grau de satisfacci\u00f3 del client elevat pel que fa refer\u00e8ncia al tractament de la nostra empresa de la Prevenci\u00f3 de Riscos Laborals en els centres de treball nacionals i internacionals.<\/li>\n<\/ul>\n<p>&nbsp;<\/p>\n<p><strong>POL\u00cdTICA DE SEGURETAT VI\u00c0RIA LABORAL<\/strong><\/p>\n<p>Com a part del comprom\u00eds de CONSTRUCCIONES RUBAU de vetllar per la seguretat i la salut de totes les persones que contribueixen al desenvolupament eficient de les seves activitats, s\u2019ha establert la necessitat de definir accions concretes amb la finalitat de minimitzar els riscos d\u2019accident de tr\u00e0nsit, protegir la vida i la salut dels empleats i dels usuaris de la via, i fomentar pr\u00e0ctiques segures i responsables en la conducci\u00f3 de vehicles.<\/p>\n<p>Per aix\u00f2, la Direcci\u00f3 implanta, mant\u00e9 i millora cont\u00ednuament un sistema de gesti\u00f3 de la seguretat vi\u00e0ria, d\u2019acord amb la norma ISO 39001, comprometent-se a:<\/p>\n<article class=\"text-token-text-primary w-full focus:outline-none scroll-mt-[calc(var(--header-height)+min(200px,max(70px,20svh)))]\" dir=\"auto\" tabindex=\"-1\" data-turn-id=\"request-WEB:0eb27a29-6085-4f85-af26-3946be54aff3-1\" data-testid=\"conversation-turn-4\" data-scroll-anchor=\"true\" data-turn=\"assistant\">\n<div class=\"text-base my-auto mx-auto pb-10 [--thread-content-margin:--spacing(4)] thread-sm:[--thread-content-margin:--spacing(6)] thread-lg:[--thread-content-margin:--spacing(16)] px-(--thread-content-margin)\">\n<div class=\"[--thread-content-max-width:40rem] thread-lg:[--thread-content-max-width:48rem] mx-auto max-w-(--thread-content-max-width) flex-1 group\/turn-messages focus-visible:outline-hidden relative flex w-full min-w-0 flex-col agent-turn\" tabindex=\"-1\">\n<div class=\"flex max-w-full flex-col grow\">\n<div class=\"min-h-8 text-message relative flex w-full flex-col items-end gap-2 text-start break-words whitespace-normal [.text-message+&amp;]:mt-5\" dir=\"auto\" data-message-author-role=\"assistant\" data-message-id=\"5ddf6ac2-2ba6-4f42-946d-41d71e659a54\" data-message-model-slug=\"gpt-5\">\n<div class=\"flex w-full flex-col gap-1 empty:hidden first:pt-[1px]\">\n<div class=\"markdown prose dark:prose-invert w-full break-words light markdown-new-styling\">\n<ul data-start=\"621\" data-end=\"2002\" data-is-last-node=\"\" data-is-only-node=\"\">\n<li data-start=\"621\" data-end=\"869\">\n<p style=\"text-align: left;\" data-start=\"623\" data-end=\"869\">Promoure la cultura de la mobilitat sostenible i segura, en aquelles activitats dins l\u2019abast del sistema de gesti\u00f3 de seguretat vi\u00e0ria, per avan\u00e7ar cap a <strong data-start=\"777\" data-end=\"795\">zero accidents<\/strong>, en qu\u00e8 cap persona resulti morta ni ferida greu per un sinistre viari.<\/p>\n<\/li>\n<li style=\"text-align: left;\" data-start=\"871\" data-end=\"985\">\n<p data-start=\"873\" data-end=\"985\">Identificar els principals factors de risc per garantir la salut i la seguretat de totes les parts implicades.<\/p>\n<\/li>\n<li style=\"text-align: left;\" data-start=\"987\" data-end=\"1192\">\n<p data-start=\"989\" data-end=\"1192\">Potenciar la conscienciaci\u00f3, sensibilitzaci\u00f3 i informaci\u00f3 del personal sobre els factors de risc en la conducci\u00f3, incloent-hi els riscos derivats de la salut que influeixen en la capacitat per conduir.<\/p>\n<\/li>\n<li style=\"text-align: left;\" data-start=\"1194\" data-end=\"1455\">\n<p data-start=\"1196\" data-end=\"1455\">Involucrar tots els empleats per promoure accions de millora en seguretat vi\u00e0ria, aix\u00ed com els nostres contractistes, prove\u00efdors i altres possibles grups d\u2019inter\u00e8s, perqu\u00e8 participin de manera activa en la millora cont\u00ednua de la cultura en seguretat vi\u00e0ria.<\/p>\n<\/li>\n<li style=\"text-align: left;\" data-start=\"1457\" data-end=\"1646\">\n<p data-start=\"1459\" data-end=\"1646\">Assegurar el funcionament \u00f2ptim dels vehicles de l\u2019empresa, a m\u00e9s d\u2019introduir especificacions de seguretat vi\u00e0ria en la contractaci\u00f3 de vehicles per a les flotes i serveis de transport.<\/p>\n<\/li>\n<li style=\"text-align: left;\" data-start=\"1648\" data-end=\"1786\">\n<p data-start=\"1650\" data-end=\"1786\">Informar de manera transparent sobre els resultats del rendiment en seguretat vi\u00e0ria de forma peri\u00f2dica, tant interna com externament.<\/p>\n<\/li>\n<li style=\"text-align: left;\" data-start=\"1788\" data-end=\"1897\">\n<p data-start=\"1790\" data-end=\"1897\">Integrar el sistema de gesti\u00f3 de seguretat vi\u00e0ria amb la resta de normes certificades per l\u2019organitzaci\u00f3.<\/p>\n<\/li>\n<li data-start=\"1899\" data-end=\"2002\" data-is-last-node=\"\">\n<p style=\"text-align: left;\" data-start=\"1901\" data-end=\"2002\" data-is-last-node=\"\">I, per descomptat, complir amb la reglamentaci\u00f3 aplicable en mat\u00e8ria de seguretat vi\u00e0ria laboral.<\/p>\n<\/li>\n<\/ul>\n<\/div>\n<\/div>\n<\/div>\n<\/div>\n<\/div>\n<\/div>\n<\/article>\n<p><a href=\"https:\/\/www.rubau.com\/wp-content\/uploads\/2025\/03\/CertificadoSV-2025-0004_ES_2025-03-20_page-0001.jpg\" target=\"_blank\" rel=\"noopener\" data-rel=\"lightbox-image-2\" data-rl_title=\"\" data-rl_caption=\"\" title=\"\"><img loading=\"lazy\" decoding=\"async\" class=\"aligncenter wp-image-5473 size-medium\" src=\"https:\/\/www.rubau.com\/wp-content\/uploads\/2025\/03\/CertificadoSV-2025-0004_ES_2025-03-20_page-0001-212x300.jpg\" alt=\"\" width=\"212\" height=\"300\" \/><\/a><\/p>\n","protected":false},"excerpt":{"rendered":"<p>Rubau ha destacat hist\u00f2ricament tant pel comprom\u00eds com pels aven\u00e7os en el camp de la prevenci\u00f3 de riscos laborals. En aquest sentit, Rubau va ser una de les primeres empreses d\u2019Espanya que va apostar per la gesti\u00f3 de la prevenci\u00f3 i ja des de l\u2019any 1996 disposa d\u2019un sistema de gesti\u00f3 de prevenci\u00f3 de riscos [&hellip;]<\/p>\n","protected":false},"author":1,"featured_media":0,"parent":1257,"menu_order":0,"comment_status":"closed","ping_status":"closed","template":"page-occupationalrisk.php","meta":{"_acf_changed":false,"footnotes":""},"class_list":["post-1287","page","type-page","status-publish","hentry"],"acf":[],"yoast_head":"<!-- This site is optimized with the Yoast SEO plugin v26.5 - https:\/\/yoast.com\/wordpress\/plugins\/seo\/ -->\n<title>Prevenci\u00f3 de Riscos Laborals - Rubau<\/title>\n<meta name=\"robots\" content=\"index, follow, max-snippet:-1, max-image-preview:large, max-video-preview:-1\" \/>\n<link rel=\"canonical\" href=\"https:\/\/www.rubau.com\/ca\/compromis\/prevencio-de-riscos-laborals\/\" \/>\n<meta property=\"og:locale\" content=\"ca_ES\" \/>\n<meta property=\"og:type\" content=\"article\" \/>\n<meta property=\"og:title\" content=\"Prevenci\u00f3 de Riscos Laborals - Rubau\" \/>\n<meta property=\"og:description\" content=\"Rubau ha destacat hist\u00f2ricament tant pel comprom\u00eds com pels aven\u00e7os en el camp de la prevenci\u00f3 de riscos laborals. En aquest sentit, Rubau va ser una de les primeres empreses d\u2019Espanya que va apostar per la gesti\u00f3 de la prevenci\u00f3 i ja des de l\u2019any 1996 disposa d\u2019un sistema de gesti\u00f3 de prevenci\u00f3 de riscos [&hellip;]\" \/>\n<meta property=\"og:url\" content=\"https:\/\/www.rubau.com\/ca\/compromis\/prevencio-de-riscos-laborals\/\" \/>\n<meta property=\"og:site_name\" content=\"Rubau\" \/>\n<meta property=\"article:modified_time\" content=\"2025-10-06T09:49:51+00:00\" \/>\n<meta property=\"og:image\" content=\"https:\/\/www.rubau.com\/wp-content\/uploads\/2025\/10\/prevcons-cat.png\" \/>\n\t<meta property=\"og:image:width\" content=\"1756\" \/>\n\t<meta property=\"og:image:height\" content=\"786\" \/>\n\t<meta property=\"og:image:type\" content=\"image\/png\" \/>\n<meta name=\"twitter:card\" content=\"summary_large_image\" \/>\n<meta name=\"twitter:label1\" content=\"Temps estimat de lectura\" \/>\n\t<meta name=\"twitter:data1\" content=\"3 minuts\" \/>\n<script type=\"application\/ld+json\" class=\"yoast-schema-graph\">{\"@context\":\"https:\/\/schema.org\",\"@graph\":[{\"@type\":\"WebPage\",\"@id\":\"https:\/\/www.rubau.com\/ca\/compromis\/prevencio-de-riscos-laborals\/\",\"url\":\"https:\/\/www.rubau.com\/ca\/compromis\/prevencio-de-riscos-laborals\/\",\"name\":\"Prevenci\u00f3 de Riscos Laborals - Rubau\",\"isPartOf\":{\"@id\":\"https:\/\/www.rubau.com\/#website\"},\"primaryImageOfPage\":{\"@id\":\"https:\/\/www.rubau.com\/ca\/compromis\/prevencio-de-riscos-laborals\/#primaryimage\"},\"image\":{\"@id\":\"https:\/\/www.rubau.com\/ca\/compromis\/prevencio-de-riscos-laborals\/#primaryimage\"},\"thumbnailUrl\":\"https:\/\/www.rubau.com\/wp-content\/uploads\/2025\/10\/prevcons-cat-1024x458.png\",\"datePublished\":\"2015-10-05T05:05:03+00:00\",\"dateModified\":\"2025-10-06T09:49:51+00:00\",\"breadcrumb\":{\"@id\":\"https:\/\/www.rubau.com\/ca\/compromis\/prevencio-de-riscos-laborals\/#breadcrumb\"},\"inLanguage\":\"ca\",\"potentialAction\":[{\"@type\":\"ReadAction\",\"target\":[\"https:\/\/www.rubau.com\/ca\/compromis\/prevencio-de-riscos-laborals\/\"]}]},{\"@type\":\"ImageObject\",\"inLanguage\":\"ca\",\"@id\":\"https:\/\/www.rubau.com\/ca\/compromis\/prevencio-de-riscos-laborals\/#primaryimage\",\"url\":\"https:\/\/www.rubau.com\/wp-content\/uploads\/2025\/10\/prevcons-cat-1024x458.png\",\"contentUrl\":\"https:\/\/www.rubau.com\/wp-content\/uploads\/2025\/10\/prevcons-cat-1024x458.png\"},{\"@type\":\"BreadcrumbList\",\"@id\":\"https:\/\/www.rubau.com\/ca\/compromis\/prevencio-de-riscos-laborals\/#breadcrumb\",\"itemListElement\":[{\"@type\":\"ListItem\",\"position\":1,\"name\":\"Portada\",\"item\":\"https:\/\/www.rubau.com\/\"},{\"@type\":\"ListItem\",\"position\":2,\"name\":\"Comprom\u00eds\",\"item\":\"https:\/\/www.rubau.com\/ca\/compromis\/\"},{\"@type\":\"ListItem\",\"position\":3,\"name\":\"Prevenci\u00f3 de Riscos Laborals\"}]},{\"@type\":\"WebSite\",\"@id\":\"https:\/\/www.rubau.com\/#website\",\"url\":\"https:\/\/www.rubau.com\/\",\"name\":\"Rubau\",\"description\":\"Construccions RUBAU\",\"publisher\":{\"@id\":\"https:\/\/www.rubau.com\/#organization\"},\"potentialAction\":[{\"@type\":\"SearchAction\",\"target\":{\"@type\":\"EntryPoint\",\"urlTemplate\":\"https:\/\/www.rubau.com\/?s={search_term_string}\"},\"query-input\":{\"@type\":\"PropertyValueSpecification\",\"valueRequired\":true,\"valueName\":\"search_term_string\"}}],\"inLanguage\":\"ca\"},{\"@type\":\"Organization\",\"@id\":\"https:\/\/www.rubau.com\/#organization\",\"name\":\"Rubau\",\"url\":\"https:\/\/www.rubau.com\/\",\"logo\":{\"@type\":\"ImageObject\",\"inLanguage\":\"ca\",\"@id\":\"https:\/\/www.rubau.com\/#\/schema\/logo\/image\/\",\"url\":\"https:\/\/www.rubau.com\/wp-content\/uploads\/2024\/10\/Logo-CONSTRUCCIONS-RUBAU-ES1.png\",\"contentUrl\":\"https:\/\/www.rubau.com\/wp-content\/uploads\/2024\/10\/Logo-CONSTRUCCIONS-RUBAU-ES1.png\",\"width\":1010,\"height\":200,\"caption\":\"Rubau\"},\"image\":{\"@id\":\"https:\/\/www.rubau.com\/#\/schema\/logo\/image\/\"},\"sameAs\":[\"https:\/\/www.instagram.com\/construcciones_rubau\/\",\"https:\/\/www.linkedin.com\/company\/construcciones-rubau-s.a.\"]}]}<\/script>\n<!-- \/ Yoast SEO plugin. -->","yoast_head_json":{"title":"Prevenci\u00f3 de Riscos Laborals - Rubau","robots":{"index":"index","follow":"follow","max-snippet":"max-snippet:-1","max-image-preview":"max-image-preview:large","max-video-preview":"max-video-preview:-1"},"canonical":"https:\/\/www.rubau.com\/ca\/compromis\/prevencio-de-riscos-laborals\/","og_locale":"ca_ES","og_type":"article","og_title":"Prevenci\u00f3 de Riscos Laborals - Rubau","og_description":"Rubau ha destacat hist\u00f2ricament tant pel comprom\u00eds com pels aven\u00e7os en el camp de la prevenci\u00f3 de riscos laborals. En aquest sentit, Rubau va ser una de les primeres empreses d\u2019Espanya que va apostar per la gesti\u00f3 de la prevenci\u00f3 i ja des de l\u2019any 1996 disposa d\u2019un sistema de gesti\u00f3 de prevenci\u00f3 de riscos [&hellip;]","og_url":"https:\/\/www.rubau.com\/ca\/compromis\/prevencio-de-riscos-laborals\/","og_site_name":"Rubau","article_modified_time":"2025-10-06T09:49:51+00:00","og_image":[{"width":1756,"height":786,"url":"https:\/\/www.rubau.com\/wp-content\/uploads\/2025\/10\/prevcons-cat.png","type":"image\/png"}],"twitter_card":"summary_large_image","twitter_misc":{"Temps estimat de lectura":"3 minuts"},"schema":{"@context":"https:\/\/schema.org","@graph":[{"@type":"WebPage","@id":"https:\/\/www.rubau.com\/ca\/compromis\/prevencio-de-riscos-laborals\/","url":"https:\/\/www.rubau.com\/ca\/compromis\/prevencio-de-riscos-laborals\/","name":"Prevenci\u00f3 de Riscos Laborals - Rubau","isPartOf":{"@id":"https:\/\/www.rubau.com\/#website"},"primaryImageOfPage":{"@id":"https:\/\/www.rubau.com\/ca\/compromis\/prevencio-de-riscos-laborals\/#primaryimage"},"image":{"@id":"https:\/\/www.rubau.com\/ca\/compromis\/prevencio-de-riscos-laborals\/#primaryimage"},"thumbnailUrl":"https:\/\/www.rubau.com\/wp-content\/uploads\/2025\/10\/prevcons-cat-1024x458.png","datePublished":"2015-10-05T05:05:03+00:00","dateModified":"2025-10-06T09:49:51+00:00","breadcrumb":{"@id":"https:\/\/www.rubau.com\/ca\/compromis\/prevencio-de-riscos-laborals\/#breadcrumb"},"inLanguage":"ca","potentialAction":[{"@type":"ReadAction","target":["https:\/\/www.rubau.com\/ca\/compromis\/prevencio-de-riscos-laborals\/"]}]},{"@type":"ImageObject","inLanguage":"ca","@id":"https:\/\/www.rubau.com\/ca\/compromis\/prevencio-de-riscos-laborals\/#primaryimage","url":"https:\/\/www.rubau.com\/wp-content\/uploads\/2025\/10\/prevcons-cat-1024x458.png","contentUrl":"https:\/\/www.rubau.com\/wp-content\/uploads\/2025\/10\/prevcons-cat-1024x458.png"},{"@type":"BreadcrumbList","@id":"https:\/\/www.rubau.com\/ca\/compromis\/prevencio-de-riscos-laborals\/#breadcrumb","itemListElement":[{"@type":"ListItem","position":1,"name":"Portada","item":"https:\/\/www.rubau.com\/"},{"@type":"ListItem","position":2,"name":"Comprom\u00eds","item":"https:\/\/www.rubau.com\/ca\/compromis\/"},{"@type":"ListItem","position":3,"name":"Prevenci\u00f3 de Riscos Laborals"}]},{"@type":"WebSite","@id":"https:\/\/www.rubau.com\/#website","url":"https:\/\/www.rubau.com\/","name":"Rubau","description":"Construccions RUBAU","publisher":{"@id":"https:\/\/www.rubau.com\/#organization"},"potentialAction":[{"@type":"SearchAction","target":{"@type":"EntryPoint","urlTemplate":"https:\/\/www.rubau.com\/?s={search_term_string}"},"query-input":{"@type":"PropertyValueSpecification","valueRequired":true,"valueName":"search_term_string"}}],"inLanguage":"ca"},{"@type":"Organization","@id":"https:\/\/www.rubau.com\/#organization","name":"Rubau","url":"https:\/\/www.rubau.com\/","logo":{"@type":"ImageObject","inLanguage":"ca","@id":"https:\/\/www.rubau.com\/#\/schema\/logo\/image\/","url":"https:\/\/www.rubau.com\/wp-content\/uploads\/2024\/10\/Logo-CONSTRUCCIONS-RUBAU-ES1.png","contentUrl":"https:\/\/www.rubau.com\/wp-content\/uploads\/2024\/10\/Logo-CONSTRUCCIONS-RUBAU-ES1.png","width":1010,"height":200,"caption":"Rubau"},"image":{"@id":"https:\/\/www.rubau.com\/#\/schema\/logo\/image\/"},"sameAs":["https:\/\/www.instagram.com\/construcciones_rubau\/","https:\/\/www.linkedin.com\/company\/construcciones-rubau-s.a."]}]}},"_links":{"self":[{"href":"https:\/\/www.rubau.com\/ca\/wp-json\/wp\/v2\/pages\/1287","targetHints":{"allow":["GET"]}}],"collection":[{"href":"https:\/\/www.rubau.com\/ca\/wp-json\/wp\/v2\/pages"}],"about":[{"href":"https:\/\/www.rubau.com\/ca\/wp-json\/wp\/v2\/types\/page"}],"author":[{"embeddable":true,"href":"https:\/\/www.rubau.com\/ca\/wp-json\/wp\/v2\/users\/1"}],"replies":[{"embeddable":true,"href":"https:\/\/www.rubau.com\/ca\/wp-json\/wp\/v2\/comments?post=1287"}],"version-history":[{"count":6,"href":"https:\/\/www.rubau.com\/ca\/wp-json\/wp\/v2\/pages\/1287\/revisions"}],"predecessor-version":[{"id":5907,"href":"https:\/\/www.rubau.com\/ca\/wp-json\/wp\/v2\/pages\/1287\/revisions\/5907"}],"up":[{"embeddable":true,"href":"https:\/\/www.rubau.com\/ca\/wp-json\/wp\/v2\/pages\/1257"}],"wp:attachment":[{"href":"https:\/\/www.rubau.com\/ca\/wp-json\/wp\/v2\/media?parent=1287"}],"curies":[{"name":"wp","href":"https:\/\/api.w.org\/{rel}","templated":true}]}}