{"id":1304,"date":"2015-10-05T07:10:57","date_gmt":"2015-10-05T05:10:57","guid":{"rendered":"http:\/\/www.rubau.com\/compromis\/responsabilidad-social\/"},"modified":"2025-01-14T13:55:41","modified_gmt":"2025-01-14T12:55:41","slug":"responsabilitat-social","status":"publish","type":"page","link":"https:\/\/www.rubau.com\/ca\/compromis\/responsabilitat-social\/","title":{"rendered":"Gesti\u00f3 de l&#8217;energia"},"content":{"rendered":"<p>Construccions Rubau, S.A.\u00a0ha fet un nou pas en el comprom\u00eds per a la lluita contra l&#8217;impacte negatiu que suposa l&#8217;\u00fas d&#8217;energies per al medi ambient. Per aix\u00f2, com a empresa actual, establim dins del nostre model de gesti\u00f3, mesures d&#8217;estalvi i efici\u00e8ncia energ\u00e8tica.<\/p>\n<p>En aquest sentit, i com a demostraci\u00f3 del ferm comprom\u00eds amb la gesti\u00f3 de l&#8217;energia, s&#8217;ha implantat i certificat, sota la norma ISO 50001, un Sistema de Gesti\u00f3 de l&#8217;Energia, promovent l&#8217;equilibri entre rendibilitat econ\u00f2mica i efici\u00e8ncia energ\u00e8tica en l&#8217;adquisici\u00f3 d&#8217;energies i productes, aix\u00ed com en el disseny de les instal\u00b7lacions, amb la finalitat de preservar els recursos naturals, reduir les emissions atmosf\u00e8riques i contribuir a mitigar els efectes del canvi clim\u00e0tic.<\/p>\n<p>&nbsp;<\/p>\n<p>&nbsp;<\/p>\n<p><a href=\"https:\/\/www.rubau.com\/wp-content\/uploads\/2025\/01\/Gestion-Energia-CertificadoGE-2021-0008_ES_2023-09-22_page-0001.jpg\" data-rel=\"lightbox-image-0\" data-rl_title=\"\" data-rl_caption=\"\" title=\"\"><img loading=\"lazy\" decoding=\"async\" class=\"aligncenter size-medium wp-image-5291\" src=\"https:\/\/www.rubau.com\/wp-content\/uploads\/2025\/01\/Gestion-Energia-CertificadoGE-2021-0008_ES_2023-09-22_page-0001-212x300.jpg\" alt=\"\" width=\"212\" height=\"300\" \/><\/a> <a href=\"https:\/\/www.rubau.com\/wp-content\/uploads\/2025\/01\/Gestion-Energia-IQNetES-GE-2021-0008_2023-09-22-1_page-0001.jpg\" data-rel=\"lightbox-image-1\" data-rl_title=\"\" data-rl_caption=\"\" title=\"\"><img loading=\"lazy\" decoding=\"async\" class=\"aligncenter size-medium wp-image-5294\" src=\"https:\/\/www.rubau.com\/wp-content\/uploads\/2025\/01\/Gestion-Energia-IQNetES-GE-2021-0008_2023-09-22-1_page-0001-212x300.jpg\" alt=\"\" width=\"212\" height=\"300\" \/><\/a><\/p>\n<p>&nbsp;<\/p>\n<p><strong>POL\u00cdTICA DE GESTI\u00d3 DE L&#8217;ENERGIA<\/strong><\/p>\n<ul>\n<li style=\"text-align: left;\">Establir i revisar peri\u00f2dicament el compliment dels objectius i metes energ\u00e8tiques disposant dels recursos que siguin necessaris.<\/li>\n<li style=\"text-align: left;\">Assegurar la disponibilitat de la informaci\u00f3 per aconseguir els objectius i les metes energ\u00e8tiques.<\/li>\n<li style=\"text-align: left;\">Complir amb els requisits legals aplicables i altres requisits que l&#8217;organitzaci\u00f3 pugui adquirir, relacionats amb l&#8217;efici\u00e8ncia energ\u00e8tica, l&#8217;\u00fas i el consum de l&#8217;energia.<\/li>\n<li style=\"text-align: left;\">Millorar de forma cont\u00ednua el rendiment energ\u00e8tic i del Sistema de Gesti\u00f3 de l&#8217;Energia, dirigint els esfor\u00e7os cap a l&#8217;\u00fas eficient dels recursos energ\u00e8tics necessaris per al desenvolupament de les activitats i serveis.<\/li>\n<li style=\"text-align: left;\">Aplicar criteris d&#8217;efici\u00e8ncia energ\u00e8tica en l&#8217;adquisici\u00f3 de nous productes i serveis.<\/li>\n<li style=\"text-align: left;\">Promoure el disseny dins de l&#8217;empresa per aconseguir un millor rendiment energ\u00e8tic de les activitats i serveis.<\/li>\n<li style=\"text-align: left;\">Establir i promoure accions per formar una cultura d&#8217;efici\u00e8ncia energ\u00e8tica entre els treballadors i a l&#8217;empresa.<\/li>\n<\/ul>\n<p>&nbsp;<\/p>\n","protected":false},"excerpt":{"rendered":"<p>Construccions Rubau, S.A.\u00a0ha fet un nou pas en el comprom\u00eds per a la lluita contra l&#8217;impacte negatiu que suposa l&#8217;\u00fas d&#8217;energies per al medi ambient. Per aix\u00f2, com a empresa actual, establim dins del nostre model de gesti\u00f3, mesures d&#8217;estalvi i efici\u00e8ncia energ\u00e8tica. En aquest sentit, i com a demostraci\u00f3 del ferm comprom\u00eds amb la [&hellip;]<\/p>\n","protected":false},"author":1,"featured_media":0,"parent":1257,"menu_order":0,"comment_status":"closed","ping_status":"closed","template":"page-socialresponsability.php","meta":{"_acf_changed":false,"footnotes":""},"class_list":["post-1304","page","type-page","status-publish","hentry"],"acf":[],"yoast_head":"<!-- This site is optimized with the Yoast SEO plugin v26.5 - https:\/\/yoast.com\/wordpress\/plugins\/seo\/ -->\n<title>Gesti\u00f3 de l&#039;energia - Rubau<\/title>\n<meta name=\"robots\" content=\"index, follow, max-snippet:-1, max-image-preview:large, max-video-preview:-1\" \/>\n<link rel=\"canonical\" href=\"https:\/\/www.rubau.com\/ca\/compromis\/responsabilitat-social\/\" \/>\n<meta property=\"og:locale\" content=\"ca_ES\" \/>\n<meta property=\"og:type\" content=\"article\" \/>\n<meta property=\"og:title\" content=\"Gesti\u00f3 de l&#039;energia - Rubau\" \/>\n<meta property=\"og:description\" content=\"Construccions Rubau, S.A.\u00a0ha fet un nou pas en el comprom\u00eds per a la lluita contra l&#8217;impacte negatiu que suposa l&#8217;\u00fas d&#8217;energies per al medi ambient. Per aix\u00f2, com a empresa actual, establim dins del nostre model de gesti\u00f3, mesures d&#8217;estalvi i efici\u00e8ncia energ\u00e8tica. En aquest sentit, i com a demostraci\u00f3 del ferm comprom\u00eds amb la [&hellip;]\" \/>\n<meta property=\"og:url\" content=\"https:\/\/www.rubau.com\/ca\/compromis\/responsabilitat-social\/\" \/>\n<meta property=\"og:site_name\" content=\"Rubau\" \/>\n<meta property=\"article:modified_time\" content=\"2025-01-14T12:55:41+00:00\" \/>\n<meta name=\"twitter:card\" content=\"summary_large_image\" \/>\n<meta name=\"twitter:label1\" content=\"Temps estimat de lectura\" \/>\n\t<meta name=\"twitter:data1\" content=\"1 minut\" \/>\n<script type=\"application\/ld+json\" class=\"yoast-schema-graph\">{\"@context\":\"https:\/\/schema.org\",\"@graph\":[{\"@type\":\"WebPage\",\"@id\":\"https:\/\/www.rubau.com\/ca\/compromis\/responsabilitat-social\/\",\"url\":\"https:\/\/www.rubau.com\/ca\/compromis\/responsabilitat-social\/\",\"name\":\"Gesti\u00f3 de l'energia - Rubau\",\"isPartOf\":{\"@id\":\"https:\/\/www.rubau.com\/#website\"},\"primaryImageOfPage\":{\"@id\":\"https:\/\/www.rubau.com\/ca\/compromis\/responsabilitat-social\/#primaryimage\"},\"image\":{\"@id\":\"https:\/\/www.rubau.com\/ca\/compromis\/responsabilitat-social\/#primaryimage\"},\"thumbnailUrl\":\"https:\/\/www.rubau.com\/wp-content\/uploads\/2025\/01\/Gestion-Energia-CertificadoGE-2021-0008_ES_2023-09-22_page-0001-212x300.jpg\",\"datePublished\":\"2015-10-05T05:10:57+00:00\",\"dateModified\":\"2025-01-14T12:55:41+00:00\",\"breadcrumb\":{\"@id\":\"https:\/\/www.rubau.com\/ca\/compromis\/responsabilitat-social\/#breadcrumb\"},\"inLanguage\":\"ca\",\"potentialAction\":[{\"@type\":\"ReadAction\",\"target\":[\"https:\/\/www.rubau.com\/ca\/compromis\/responsabilitat-social\/\"]}]},{\"@type\":\"ImageObject\",\"inLanguage\":\"ca\",\"@id\":\"https:\/\/www.rubau.com\/ca\/compromis\/responsabilitat-social\/#primaryimage\",\"url\":\"https:\/\/www.rubau.com\/wp-content\/uploads\/2025\/01\/Gestion-Energia-CertificadoGE-2021-0008_ES_2023-09-22_page-0001-212x300.jpg\",\"contentUrl\":\"https:\/\/www.rubau.com\/wp-content\/uploads\/2025\/01\/Gestion-Energia-CertificadoGE-2021-0008_ES_2023-09-22_page-0001-212x300.jpg\"},{\"@type\":\"BreadcrumbList\",\"@id\":\"https:\/\/www.rubau.com\/ca\/compromis\/responsabilitat-social\/#breadcrumb\",\"itemListElement\":[{\"@type\":\"ListItem\",\"position\":1,\"name\":\"Portada\",\"item\":\"https:\/\/www.rubau.com\/\"},{\"@type\":\"ListItem\",\"position\":2,\"name\":\"Comprom\u00eds\",\"item\":\"https:\/\/www.rubau.com\/ca\/compromis\/\"},{\"@type\":\"ListItem\",\"position\":3,\"name\":\"Gesti\u00f3 de l&#8217;energia\"}]},{\"@type\":\"WebSite\",\"@id\":\"https:\/\/www.rubau.com\/#website\",\"url\":\"https:\/\/www.rubau.com\/\",\"name\":\"Rubau\",\"description\":\"Construccions RUBAU\",\"publisher\":{\"@id\":\"https:\/\/www.rubau.com\/#organization\"},\"potentialAction\":[{\"@type\":\"SearchAction\",\"target\":{\"@type\":\"EntryPoint\",\"urlTemplate\":\"https:\/\/www.rubau.com\/?s={search_term_string}\"},\"query-input\":{\"@type\":\"PropertyValueSpecification\",\"valueRequired\":true,\"valueName\":\"search_term_string\"}}],\"inLanguage\":\"ca\"},{\"@type\":\"Organization\",\"@id\":\"https:\/\/www.rubau.com\/#organization\",\"name\":\"Rubau\",\"url\":\"https:\/\/www.rubau.com\/\",\"logo\":{\"@type\":\"ImageObject\",\"inLanguage\":\"ca\",\"@id\":\"https:\/\/www.rubau.com\/#\/schema\/logo\/image\/\",\"url\":\"https:\/\/www.rubau.com\/wp-content\/uploads\/2024\/10\/Logo-CONSTRUCCIONS-RUBAU-ES1.png\",\"contentUrl\":\"https:\/\/www.rubau.com\/wp-content\/uploads\/2024\/10\/Logo-CONSTRUCCIONS-RUBAU-ES1.png\",\"width\":1010,\"height\":200,\"caption\":\"Rubau\"},\"image\":{\"@id\":\"https:\/\/www.rubau.com\/#\/schema\/logo\/image\/\"},\"sameAs\":[\"https:\/\/www.instagram.com\/construcciones_rubau\/\",\"https:\/\/www.linkedin.com\/company\/construcciones-rubau-s.a.\"]}]}<\/script>\n<!-- \/ Yoast SEO plugin. -->","yoast_head_json":{"title":"Gesti\u00f3 de l'energia - Rubau","robots":{"index":"index","follow":"follow","max-snippet":"max-snippet:-1","max-image-preview":"max-image-preview:large","max-video-preview":"max-video-preview:-1"},"canonical":"https:\/\/www.rubau.com\/ca\/compromis\/responsabilitat-social\/","og_locale":"ca_ES","og_type":"article","og_title":"Gesti\u00f3 de l'energia - Rubau","og_description":"Construccions Rubau, S.A.\u00a0ha fet un nou pas en el comprom\u00eds per a la lluita contra l&#8217;impacte negatiu que suposa l&#8217;\u00fas d&#8217;energies per al medi ambient. Per aix\u00f2, com a empresa actual, establim dins del nostre model de gesti\u00f3, mesures d&#8217;estalvi i efici\u00e8ncia energ\u00e8tica. En aquest sentit, i com a demostraci\u00f3 del ferm comprom\u00eds amb la [&hellip;]","og_url":"https:\/\/www.rubau.com\/ca\/compromis\/responsabilitat-social\/","og_site_name":"Rubau","article_modified_time":"2025-01-14T12:55:41+00:00","twitter_card":"summary_large_image","twitter_misc":{"Temps estimat de lectura":"1 minut"},"schema":{"@context":"https:\/\/schema.org","@graph":[{"@type":"WebPage","@id":"https:\/\/www.rubau.com\/ca\/compromis\/responsabilitat-social\/","url":"https:\/\/www.rubau.com\/ca\/compromis\/responsabilitat-social\/","name":"Gesti\u00f3 de l'energia - Rubau","isPartOf":{"@id":"https:\/\/www.rubau.com\/#website"},"primaryImageOfPage":{"@id":"https:\/\/www.rubau.com\/ca\/compromis\/responsabilitat-social\/#primaryimage"},"image":{"@id":"https:\/\/www.rubau.com\/ca\/compromis\/responsabilitat-social\/#primaryimage"},"thumbnailUrl":"https:\/\/www.rubau.com\/wp-content\/uploads\/2025\/01\/Gestion-Energia-CertificadoGE-2021-0008_ES_2023-09-22_page-0001-212x300.jpg","datePublished":"2015-10-05T05:10:57+00:00","dateModified":"2025-01-14T12:55:41+00:00","breadcrumb":{"@id":"https:\/\/www.rubau.com\/ca\/compromis\/responsabilitat-social\/#breadcrumb"},"inLanguage":"ca","potentialAction":[{"@type":"ReadAction","target":["https:\/\/www.rubau.com\/ca\/compromis\/responsabilitat-social\/"]}]},{"@type":"ImageObject","inLanguage":"ca","@id":"https:\/\/www.rubau.com\/ca\/compromis\/responsabilitat-social\/#primaryimage","url":"https:\/\/www.rubau.com\/wp-content\/uploads\/2025\/01\/Gestion-Energia-CertificadoGE-2021-0008_ES_2023-09-22_page-0001-212x300.jpg","contentUrl":"https:\/\/www.rubau.com\/wp-content\/uploads\/2025\/01\/Gestion-Energia-CertificadoGE-2021-0008_ES_2023-09-22_page-0001-212x300.jpg"},{"@type":"BreadcrumbList","@id":"https:\/\/www.rubau.com\/ca\/compromis\/responsabilitat-social\/#breadcrumb","itemListElement":[{"@type":"ListItem","position":1,"name":"Portada","item":"https:\/\/www.rubau.com\/"},{"@type":"ListItem","position":2,"name":"Comprom\u00eds","item":"https:\/\/www.rubau.com\/ca\/compromis\/"},{"@type":"ListItem","position":3,"name":"Gesti\u00f3 de l&#8217;energia"}]},{"@type":"WebSite","@id":"https:\/\/www.rubau.com\/#website","url":"https:\/\/www.rubau.com\/","name":"Rubau","description":"Construccions RUBAU","publisher":{"@id":"https:\/\/www.rubau.com\/#organization"},"potentialAction":[{"@type":"SearchAction","target":{"@type":"EntryPoint","urlTemplate":"https:\/\/www.rubau.com\/?s={search_term_string}"},"query-input":{"@type":"PropertyValueSpecification","valueRequired":true,"valueName":"search_term_string"}}],"inLanguage":"ca"},{"@type":"Organization","@id":"https:\/\/www.rubau.com\/#organization","name":"Rubau","url":"https:\/\/www.rubau.com\/","logo":{"@type":"ImageObject","inLanguage":"ca","@id":"https:\/\/www.rubau.com\/#\/schema\/logo\/image\/","url":"https:\/\/www.rubau.com\/wp-content\/uploads\/2024\/10\/Logo-CONSTRUCCIONS-RUBAU-ES1.png","contentUrl":"https:\/\/www.rubau.com\/wp-content\/uploads\/2024\/10\/Logo-CONSTRUCCIONS-RUBAU-ES1.png","width":1010,"height":200,"caption":"Rubau"},"image":{"@id":"https:\/\/www.rubau.com\/#\/schema\/logo\/image\/"},"sameAs":["https:\/\/www.instagram.com\/construcciones_rubau\/","https:\/\/www.linkedin.com\/company\/construcciones-rubau-s.a."]}]}},"_links":{"self":[{"href":"https:\/\/www.rubau.com\/ca\/wp-json\/wp\/v2\/pages\/1304","targetHints":{"allow":["GET"]}}],"collection":[{"href":"https:\/\/www.rubau.com\/ca\/wp-json\/wp\/v2\/pages"}],"about":[{"href":"https:\/\/www.rubau.com\/ca\/wp-json\/wp\/v2\/types\/page"}],"author":[{"embeddable":true,"href":"https:\/\/www.rubau.com\/ca\/wp-json\/wp\/v2\/users\/1"}],"replies":[{"embeddable":true,"href":"https:\/\/www.rubau.com\/ca\/wp-json\/wp\/v2\/comments?post=1304"}],"version-history":[{"count":1,"href":"https:\/\/www.rubau.com\/ca\/wp-json\/wp\/v2\/pages\/1304\/revisions"}],"predecessor-version":[{"id":1306,"href":"https:\/\/www.rubau.com\/ca\/wp-json\/wp\/v2\/pages\/1304\/revisions\/1306"}],"up":[{"embeddable":true,"href":"https:\/\/www.rubau.com\/ca\/wp-json\/wp\/v2\/pages\/1257"}],"wp:attachment":[{"href":"https:\/\/www.rubau.com\/ca\/wp-json\/wp\/v2\/media?parent=1304"}],"curies":[{"name":"wp","href":"https:\/\/api.w.org\/{rel}","templated":true}]}}