{"id":2327,"date":"2019-07-09T10:39:00","date_gmt":"2019-07-09T08:39:00","guid":{"rendered":"http:\/\/www.rubau.com\/compromis\/codigo-etico\/"},"modified":"2025-11-14T14:34:38","modified_gmt":"2025-11-14T13:34:38","slug":"codigo-etico","status":"publish","type":"page","link":"https:\/\/www.rubau.com\/ca\/compromis\/codigo-etico\/","title":{"rendered":"Responsabilitat Corporativa"},"content":{"rendered":"\n<h3 class=\"wp-block-heading\">Codi \u00c8tic i Pol\u00edtica de Compliment<\/h3>\n\n\n<p id=\"tw-target-text\" class=\"tw-data-text tw-text-large tw-ta\" dir=\"ltr\" data-placeholder=\"Traducci\u00f3n\"><span lang=\"ca\" tabindex=\"0\">Els valors i principis \u00e8tics internacionalment reconeguts a la Declaraci\u00f3 Universal de Drets Humans, aix\u00ed com l&#8217;estricte compliment de la legalitat vigent, constitueixen la base del Codi \u00c8tic de RUBAU. <\/span><span lang=\"ca\" tabindex=\"0\">El nostre Codi \u00c8tic t\u00e9 en compte el principi de responsabilitat penal de les persones jur\u00eddiques recollit en l&#8217;ordenament jur\u00eddic espanyol i prev\u00e9 i proscriu l&#8217;exist\u00e8ncia de comportaments per part dels representants legals, administradors, empleats o qualsevol persona que estigui sotmesa a l&#8217;autoritat del personal de RUBAU que puguin donar lloc a la responsabilitat del mateix. <\/span><span lang=\"ca\" tabindex=\"0\">Es tracta de la norma fonamental que ha de regir el comportament dels empleats de la companyia, en el desenvolupament de la seva activitat professional, aix\u00ed com en les relacions que mantinguin amb tercers. <\/span><span lang=\"ca\" tabindex=\"0\">Els principis generals i els valors continguts en el Codi \u00c8tic podran ser ampliats per pol\u00edtiques i procediments espec\u00edfics de cadascuna de les mat\u00e8ries.<\/span><\/p>\n<p>Consulta el nostre codi \u00e9tic:<\/p>\n<p><a href=\"https:\/\/www.rubau.com\/wp-content\/uploads\/2025\/06\/CODIGO-ETICO-RUBAU-Edicion-11-versio-WEB.pdf\" target=\"_blank\" rel=\"noopener\"><img loading=\"lazy\" decoding=\"async\" class=\"alignnone wp-image-3448\" src=\"https:\/\/www.rubau.com\/wp-content\/uploads\/2021\/12\/Screenshot_7-203x300.png\" alt=\"\" width=\"153\" height=\"226\" \/><\/a><\/p>\n<p><a href=\"https:\/\/www.rubau.com\/wp-content\/uploads\/2025\/06\/CODIGO-ETICO-RUBAU-Edicion-11-versio-WEB.pdf\" target=\"_blank\" rel=\"noopener noreferrer\">Codi \u00c8tic RUBAU<\/a>.<\/p>\n<p>La corrupci\u00f3 i el frau frenen el desenvolupament econ\u00f2mic, i van en detriment de la just\u00edcia social i de l&#8217;Estat de Dret, causant greus perjudicis a l&#8217;economia i a la societat, i en molts casos faciliten les operacions de la delinq\u00fc\u00e8ncia organitzada. RUBAU, erigida com a referent per els seus ferms compromisos amb els principis \u00e8tics, assumeix la responsabilitat de participar activament en el desafiament que constitueix la prevenci\u00f3 i la lluita contra la corrupci\u00f3 i el frau en tots els seus \u00e0mbits d&#8217;activitat. La Pol\u00edtica per a la prevenci\u00f3 de delictes i contra la corrupci\u00f3 i el frau t\u00e9 la finalitat de projectar a tots els directius i empleats de RUBAU, aix\u00ed com a tercers que es relacionin amb la companyia, un missatge de rotunda oposici\u00f3 a la comissi\u00f3 de qualsevol acte il\u00b7l\u00edcit penal. Aquesta pol\u00edtica acredita el comprom\u00eds de RUBAU amb la vigil\u00e0ncia permanent i la sanci\u00f3 dels actes i conductes fraudulents, de manteniment de mecanismes efectius de comunicaci\u00f3 i conscienciaci\u00f3 de tots els empleats i de desenvolupament d&#8217;una cultura empresarial d&#8217;\u00e8tica i honestedat, i envia un missatge rotund d&#8217;oposici\u00f3 a la corrupci\u00f3 i el frau en totes les seves manifestacions.<\/p>\n<p>Consulta la nostra pol\u00edtica de compliment per a la prevenci\u00f3 de delictes i contra la corrupci\u00f3 i el frau:<\/p>\n<p><a href=\"https:\/\/www.rubau.com\/wp-content\/uploads\/2025\/06\/Politica-de-cumplimiento-para-prevencion-de-delitos-y-contra-la-corrupcion-y-el-fraude-Edicion-5-version-WEB.pdf\" target=\"_blank\" rel=\"noopener\"><img loading=\"lazy\" decoding=\"async\" class=\"alignnone wp-image-3456\" src=\"https:\/\/www.rubau.com\/wp-content\/uploads\/2021\/12\/Screenshot_8-204x300.png\" alt=\"\" width=\"159\" height=\"234\" \/><\/a><\/p>\n<p><a href=\"https:\/\/www.rubau.com\/wp-content\/uploads\/2025\/06\/Politica-de-cumplimiento-para-prevencion-de-delitos-y-contra-la-corrupcion-y-el-fraude-Edicion-5-version-WEB.pdf\" target=\"_blank\" rel=\"noopener\">Pol\u00edtica de cumplimient per a la prevenci\u00f3 de delictes i contra la corrupci\u00f3 i el frau<\/a><\/p>\n<\/p>\n<div><b><u>POL\u00cdTICA D&#8217;US DEL CANAL DE DEN\u00daNCIES (CANAL INTERN D&#8217;INFORMACI\u00d3)<\/u><\/b><\/div>\n<div>\u00a0<\/div>\n<div>En aquesta pol\u00edtica s&#8217;informa sobre qu\u00e8 consisteix el canal intern d&#8217;informaci\u00f3 i qu\u00e8 cal comunicar-hi. A m\u00e9s, s&#8217;enumeren els principis i les garanties essencials de l&#8217;\u00fas i la gesti\u00f3 del canal aix\u00ed com una guia d&#8217;\u00fas. Finalment, s&#8217;exposen els drets en mat\u00e8ria de protecci\u00f3 de dades personals.\u00a0<\/div>\n<div class=\"gmail_default\">\u00a0<\/div>\n<div><a href=\"https:\/\/www.rubau.com\/wp-content\/uploads\/2024\/05\/POLITICA-DE-USO-DEL-CANAL-DE-DENUNCIAS-CANAL-INTERNO-DE-INFORMACION-EDICION-1.pdf\" target=\"_blank\" rel=\"noopener\">Pol\u00edtica d&#8217;\u00fas del canal de den\u00fancies &#8211; canal intern d&#8217;informaci\u00f3<\/a><\/div>\n<div>\u00a0<\/div>\n<div>\n<div><b><u>CANAL DE DEN\u00daNCIES (CANAL INTERN D&#8217;INFORMACI\u00d3)<\/u><\/b><\/div>\n<div>\u00a0<\/div>\n<div>CONSTRUCCIONES RUBAU, S.A. (d&#8217;ara endavant, RUBAU) t\u00e9 habilitat un mecanisme intern per comunicar eventuals incompliments (Canal intern d&#8217;informaci\u00f3) de conformitat amb el que estableix la Llei 2\/2023, de 20 de febrer, reguladora de la protecci\u00f3 de les persones que informin sobre infraccions normatives i de lluita contra la corrupci\u00f3, aix\u00ed com dubtes i consultes en relaci\u00f3 amb la interpretaci\u00f3 i aplicaci\u00f3 del seu Programa de Prevenci\u00f3 de Riscos Penals.\u00a0<\/div>\n<div>\u00a0<\/div>\n<div><a href=\"https:\/\/denuncias.rubau.com\/\" target=\"_blank\" rel=\"noopener\" data-saferedirecturl=\"https:\/\/www.google.com\/url?q=https:\/\/denuncias.rubau.com\/&amp;source=gmail&amp;ust=1715236109799000&amp;usg=AOvVaw2Ohmae3bYPumju5-qn1jFT\">https:\/\/denuncias.rubau.com<\/a><\/div>\n<\/div>\n\n\n<h3 class=\"wp-block-heading\">Mem\u00f2ria de Sostenibilitat<\/h3>\n\n\n\n<p>A Rubau entenem que el nostre comprom\u00eds amb la societat, el medi ambient i el bon govern \u00e9s tan rellevant com els nostres resultats econ\u00f2mics. Per aix\u00f2, publiquem la nostra Mem\u00f2ria de Sostenibilitat, un document que reflecteix amb transpar\u00e8ncia les nostres accions, pol\u00edtiques i \u00e8xits en mat\u00e8ria de sostenibilitat, responsabilitat social, \u00e8tica i compliment normatiu.<\/p>\n\n\n\n<p>Aquest informe no nom\u00e9s compleix amb les nostres obligacions legals, sin\u00f3 que tamb\u00e9 \u00e9s una mostra de la nostra voluntat de generar un impacte positiu en el nostre entorn. Convidem tots els nostres grups d&#8217;inter\u00e8s a consultar aquest document i con\u00e8ixer de primera m\u00e0 com treballem per construir un futur m\u00e9s responsable i sostenible.<\/p>\n\n\n\n<p><a href=\"https:\/\/www.rubau.com\/wp-content\/uploads\/2025\/11\/Rubau24_infografia_v7.pdf\" target=\"_blank\" rel=\"noreferrer noopener\">INFOGRAFIA MEM\u00d2RIA DE SOSTENIBILITAT 2024<\/a><\/p>\n\n\n\n<p><a href=\"https:\/\/www.rubau.com\/wp-content\/uploads\/2025\/11\/Rubau24_v10.pdf\" target=\"_blank\" rel=\"noreferrer noopener\">MEM\u00d2RIA DE SOSTENIBILITAT 2024<\/a><\/p>\n\n\n\n<p><a href=\"https:\/\/www.rubau.com\/wp-content\/uploads\/2025\/04\/C-17328-TRAMIC-S.L.-Y-SOCIEDADES-DEPENDIENTES-Sg.pdf\" target=\"_blank\" rel=\"noreferrer noopener\">EINF 2023<\/a><\/p>\n\n\n\n<p class=\"has-text-align-center\"><\/p>\n\n\n\n<p>&nbsp;<\/p>\n","protected":false},"excerpt":{"rendered":"<p>Codi \u00c8tic i Pol\u00edtica de Compliment Els valors i principis \u00e8tics internacionalment reconeguts a la Declaraci\u00f3 Universal de Drets Humans, aix\u00ed com l&#8217;estricte compliment de la legalitat vigent, constitueixen la base del Codi \u00c8tic de RUBAU. El nostre Codi \u00c8tic t\u00e9 en compte el principi de responsabilitat penal de les persones jur\u00eddiques recollit en l&#8217;ordenament [&hellip;]<\/p>\n","protected":false},"author":1,"featured_media":0,"parent":1257,"menu_order":0,"comment_status":"closed","ping_status":"closed","template":"page-occupationalrisk.php","meta":{"_acf_changed":false,"footnotes":""},"class_list":["post-2327","page","type-page","status-publish","hentry"],"acf":[],"yoast_head":"<!-- This site is optimized with the Yoast SEO plugin v26.5 - https:\/\/yoast.com\/wordpress\/plugins\/seo\/ -->\n<title>Responsabilitat Corporativa - Rubau<\/title>\n<meta name=\"robots\" content=\"index, follow, max-snippet:-1, max-image-preview:large, max-video-preview:-1\" \/>\n<link rel=\"canonical\" href=\"https:\/\/www.rubau.com\/ca\/compromis\/codigo-etico\/\" \/>\n<meta property=\"og:locale\" content=\"ca_ES\" \/>\n<meta property=\"og:type\" content=\"article\" \/>\n<meta property=\"og:title\" content=\"Responsabilitat Corporativa - Rubau\" \/>\n<meta property=\"og:description\" content=\"Codi \u00c8tic i Pol\u00edtica de Compliment Els valors i principis \u00e8tics internacionalment reconeguts a la Declaraci\u00f3 Universal de Drets Humans, aix\u00ed com l&#8217;estricte compliment de la legalitat vigent, constitueixen la base del Codi \u00c8tic de RUBAU. El nostre Codi \u00c8tic t\u00e9 en compte el principi de responsabilitat penal de les persones jur\u00eddiques recollit en l&#8217;ordenament [&hellip;]\" \/>\n<meta property=\"og:url\" content=\"https:\/\/www.rubau.com\/ca\/compromis\/codigo-etico\/\" \/>\n<meta property=\"og:site_name\" content=\"Rubau\" \/>\n<meta property=\"article:modified_time\" content=\"2025-11-14T13:34:38+00:00\" \/>\n<meta name=\"twitter:card\" content=\"summary_large_image\" \/>\n<meta name=\"twitter:label1\" content=\"Temps estimat de lectura\" \/>\n\t<meta name=\"twitter:data1\" content=\"3 minuts\" \/>\n<script type=\"application\/ld+json\" class=\"yoast-schema-graph\">{\"@context\":\"https:\/\/schema.org\",\"@graph\":[{\"@type\":\"WebPage\",\"@id\":\"https:\/\/www.rubau.com\/ca\/compromis\/codigo-etico\/\",\"url\":\"https:\/\/www.rubau.com\/ca\/compromis\/codigo-etico\/\",\"name\":\"Responsabilitat Corporativa - Rubau\",\"isPartOf\":{\"@id\":\"https:\/\/www.rubau.com\/#website\"},\"primaryImageOfPage\":{\"@id\":\"https:\/\/www.rubau.com\/ca\/compromis\/codigo-etico\/#primaryimage\"},\"image\":{\"@id\":\"https:\/\/www.rubau.com\/ca\/compromis\/codigo-etico\/#primaryimage\"},\"thumbnailUrl\":\"https:\/\/www.rubau.com\/wp-content\/uploads\/2021\/12\/Screenshot_7-203x300.png\",\"datePublished\":\"2019-07-09T08:39:00+00:00\",\"dateModified\":\"2025-11-14T13:34:38+00:00\",\"breadcrumb\":{\"@id\":\"https:\/\/www.rubau.com\/ca\/compromis\/codigo-etico\/#breadcrumb\"},\"inLanguage\":\"ca\",\"potentialAction\":[{\"@type\":\"ReadAction\",\"target\":[\"https:\/\/www.rubau.com\/ca\/compromis\/codigo-etico\/\"]}]},{\"@type\":\"ImageObject\",\"inLanguage\":\"ca\",\"@id\":\"https:\/\/www.rubau.com\/ca\/compromis\/codigo-etico\/#primaryimage\",\"url\":\"https:\/\/www.rubau.com\/wp-content\/uploads\/2021\/12\/Screenshot_7-203x300.png\",\"contentUrl\":\"https:\/\/www.rubau.com\/wp-content\/uploads\/2021\/12\/Screenshot_7-203x300.png\"},{\"@type\":\"BreadcrumbList\",\"@id\":\"https:\/\/www.rubau.com\/ca\/compromis\/codigo-etico\/#breadcrumb\",\"itemListElement\":[{\"@type\":\"ListItem\",\"position\":1,\"name\":\"Portada\",\"item\":\"https:\/\/www.rubau.com\/\"},{\"@type\":\"ListItem\",\"position\":2,\"name\":\"Comprom\u00eds\",\"item\":\"https:\/\/www.rubau.com\/ca\/compromis\/\"},{\"@type\":\"ListItem\",\"position\":3,\"name\":\"Responsabilitat Corporativa\"}]},{\"@type\":\"WebSite\",\"@id\":\"https:\/\/www.rubau.com\/#website\",\"url\":\"https:\/\/www.rubau.com\/\",\"name\":\"Rubau\",\"description\":\"Construccions RUBAU\",\"publisher\":{\"@id\":\"https:\/\/www.rubau.com\/#organization\"},\"potentialAction\":[{\"@type\":\"SearchAction\",\"target\":{\"@type\":\"EntryPoint\",\"urlTemplate\":\"https:\/\/www.rubau.com\/?s={search_term_string}\"},\"query-input\":{\"@type\":\"PropertyValueSpecification\",\"valueRequired\":true,\"valueName\":\"search_term_string\"}}],\"inLanguage\":\"ca\"},{\"@type\":\"Organization\",\"@id\":\"https:\/\/www.rubau.com\/#organization\",\"name\":\"Rubau\",\"url\":\"https:\/\/www.rubau.com\/\",\"logo\":{\"@type\":\"ImageObject\",\"inLanguage\":\"ca\",\"@id\":\"https:\/\/www.rubau.com\/#\/schema\/logo\/image\/\",\"url\":\"https:\/\/www.rubau.com\/wp-content\/uploads\/2024\/10\/Logo-CONSTRUCCIONS-RUBAU-ES1.png\",\"contentUrl\":\"https:\/\/www.rubau.com\/wp-content\/uploads\/2024\/10\/Logo-CONSTRUCCIONS-RUBAU-ES1.png\",\"width\":1010,\"height\":200,\"caption\":\"Rubau\"},\"image\":{\"@id\":\"https:\/\/www.rubau.com\/#\/schema\/logo\/image\/\"},\"sameAs\":[\"https:\/\/www.instagram.com\/construcciones_rubau\/\",\"https:\/\/www.linkedin.com\/company\/construcciones-rubau-s.a.\"]}]}<\/script>\n<!-- \/ Yoast SEO plugin. -->","yoast_head_json":{"title":"Responsabilitat Corporativa - Rubau","robots":{"index":"index","follow":"follow","max-snippet":"max-snippet:-1","max-image-preview":"max-image-preview:large","max-video-preview":"max-video-preview:-1"},"canonical":"https:\/\/www.rubau.com\/ca\/compromis\/codigo-etico\/","og_locale":"ca_ES","og_type":"article","og_title":"Responsabilitat Corporativa - Rubau","og_description":"Codi \u00c8tic i Pol\u00edtica de Compliment Els valors i principis \u00e8tics internacionalment reconeguts a la Declaraci\u00f3 Universal de Drets Humans, aix\u00ed com l&#8217;estricte compliment de la legalitat vigent, constitueixen la base del Codi \u00c8tic de RUBAU. El nostre Codi \u00c8tic t\u00e9 en compte el principi de responsabilitat penal de les persones jur\u00eddiques recollit en l&#8217;ordenament [&hellip;]","og_url":"https:\/\/www.rubau.com\/ca\/compromis\/codigo-etico\/","og_site_name":"Rubau","article_modified_time":"2025-11-14T13:34:38+00:00","twitter_card":"summary_large_image","twitter_misc":{"Temps estimat de lectura":"3 minuts"},"schema":{"@context":"https:\/\/schema.org","@graph":[{"@type":"WebPage","@id":"https:\/\/www.rubau.com\/ca\/compromis\/codigo-etico\/","url":"https:\/\/www.rubau.com\/ca\/compromis\/codigo-etico\/","name":"Responsabilitat Corporativa - Rubau","isPartOf":{"@id":"https:\/\/www.rubau.com\/#website"},"primaryImageOfPage":{"@id":"https:\/\/www.rubau.com\/ca\/compromis\/codigo-etico\/#primaryimage"},"image":{"@id":"https:\/\/www.rubau.com\/ca\/compromis\/codigo-etico\/#primaryimage"},"thumbnailUrl":"https:\/\/www.rubau.com\/wp-content\/uploads\/2021\/12\/Screenshot_7-203x300.png","datePublished":"2019-07-09T08:39:00+00:00","dateModified":"2025-11-14T13:34:38+00:00","breadcrumb":{"@id":"https:\/\/www.rubau.com\/ca\/compromis\/codigo-etico\/#breadcrumb"},"inLanguage":"ca","potentialAction":[{"@type":"ReadAction","target":["https:\/\/www.rubau.com\/ca\/compromis\/codigo-etico\/"]}]},{"@type":"ImageObject","inLanguage":"ca","@id":"https:\/\/www.rubau.com\/ca\/compromis\/codigo-etico\/#primaryimage","url":"https:\/\/www.rubau.com\/wp-content\/uploads\/2021\/12\/Screenshot_7-203x300.png","contentUrl":"https:\/\/www.rubau.com\/wp-content\/uploads\/2021\/12\/Screenshot_7-203x300.png"},{"@type":"BreadcrumbList","@id":"https:\/\/www.rubau.com\/ca\/compromis\/codigo-etico\/#breadcrumb","itemListElement":[{"@type":"ListItem","position":1,"name":"Portada","item":"https:\/\/www.rubau.com\/"},{"@type":"ListItem","position":2,"name":"Comprom\u00eds","item":"https:\/\/www.rubau.com\/ca\/compromis\/"},{"@type":"ListItem","position":3,"name":"Responsabilitat Corporativa"}]},{"@type":"WebSite","@id":"https:\/\/www.rubau.com\/#website","url":"https:\/\/www.rubau.com\/","name":"Rubau","description":"Construccions RUBAU","publisher":{"@id":"https:\/\/www.rubau.com\/#organization"},"potentialAction":[{"@type":"SearchAction","target":{"@type":"EntryPoint","urlTemplate":"https:\/\/www.rubau.com\/?s={search_term_string}"},"query-input":{"@type":"PropertyValueSpecification","valueRequired":true,"valueName":"search_term_string"}}],"inLanguage":"ca"},{"@type":"Organization","@id":"https:\/\/www.rubau.com\/#organization","name":"Rubau","url":"https:\/\/www.rubau.com\/","logo":{"@type":"ImageObject","inLanguage":"ca","@id":"https:\/\/www.rubau.com\/#\/schema\/logo\/image\/","url":"https:\/\/www.rubau.com\/wp-content\/uploads\/2024\/10\/Logo-CONSTRUCCIONS-RUBAU-ES1.png","contentUrl":"https:\/\/www.rubau.com\/wp-content\/uploads\/2024\/10\/Logo-CONSTRUCCIONS-RUBAU-ES1.png","width":1010,"height":200,"caption":"Rubau"},"image":{"@id":"https:\/\/www.rubau.com\/#\/schema\/logo\/image\/"},"sameAs":["https:\/\/www.instagram.com\/construcciones_rubau\/","https:\/\/www.linkedin.com\/company\/construcciones-rubau-s.a."]}]}},"_links":{"self":[{"href":"https:\/\/www.rubau.com\/ca\/wp-json\/wp\/v2\/pages\/2327","targetHints":{"allow":["GET"]}}],"collection":[{"href":"https:\/\/www.rubau.com\/ca\/wp-json\/wp\/v2\/pages"}],"about":[{"href":"https:\/\/www.rubau.com\/ca\/wp-json\/wp\/v2\/types\/page"}],"author":[{"embeddable":true,"href":"https:\/\/www.rubau.com\/ca\/wp-json\/wp\/v2\/users\/1"}],"replies":[{"embeddable":true,"href":"https:\/\/www.rubau.com\/ca\/wp-json\/wp\/v2\/comments?post=2327"}],"version-history":[{"count":4,"href":"https:\/\/www.rubau.com\/ca\/wp-json\/wp\/v2\/pages\/2327\/revisions"}],"predecessor-version":[{"id":11078,"href":"https:\/\/www.rubau.com\/ca\/wp-json\/wp\/v2\/pages\/2327\/revisions\/11078"}],"up":[{"embeddable":true,"href":"https:\/\/www.rubau.com\/ca\/wp-json\/wp\/v2\/pages\/1257"}],"wp:attachment":[{"href":"https:\/\/www.rubau.com\/ca\/wp-json\/wp\/v2\/media?parent=2327"}],"curies":[{"name":"wp","href":"https:\/\/api.w.org\/{rel}","templated":true}]}}